{"id":100,"date":"2018-05-23T09:15:58","date_gmt":"2018-05-23T08:15:58","guid":{"rendered":"http:\/\/cvjm-stadtroda.de\/?page_id=100"},"modified":"2020-10-15T10:45:30","modified_gmt":"2020-10-15T09:45:30","slug":"datenschutzerklaerung","status":"publish","type":"page","link":"https:\/\/cvjm-stadtroda.de\/?page_id=100","title":{"rendered":"Datenschutz"},"content":{"rendered":"<p><strong>Inhaltsverzeichnis<\/strong><br \/>\nZielsetzung und verantwortliche Stelle<br \/>\nGrunds\u00e4tzliche Angaben zur Datenverarbeitung<br \/>\nVerarbeitung personenbezogener Daten<br \/>\nL\u00f6schung von Daten<br \/>\nAdministration, Finanzbuchhaltung, B\u00fcroorganisation, Kontaktverwaltung<br \/>\nErbringung unserer satzungs- und gesch\u00e4ftsgem\u00e4\u00dfen Leistungen<br \/>\nHosting<br \/>\nErhebung von Zugriffsdaten<br \/>\nCookies &amp; Reichweitenmessung<br \/>\nE-Mail-Kontakt<br \/>\nEinbindung von Diensten und Inhalten Dritter<br \/>\nRechte der betroffenen Person<br \/>\n\u00c4nderungen der Datenschutzerkl\u00e4rung<\/p>\n<p>&nbsp;<\/p>\n<p><strong>Zielsetzung und verantwortliche Stelle<\/strong><br \/>\nDiese Datenschutzerkl\u00e4rung kl\u00e4rt \u00fcber die Art, den Umfang und Zweck der Verarbeitung (u.a. Erhebung, Verarbeitung und Nutzung sowie Einholung von Einwilligungen) von personenbezogenen Daten innerhalb unseres Onlineangebotes und der mit ihm verbundenen Webseiten, Funktionen und Inhalte (nachfolgend gemeinsam bezeichnet als &#8222;Onlineangebot&#8220; oder &#8222;Website&#8220;) auf. Die Datenschutzerkl\u00e4rung gilt unabh\u00e4ngig von den verwendeten Domains, Systemen, Plattformen und Ger\u00e4ten (z.B. Desktop oder Mobile) auf denen das Onlineangebot ausgef\u00fchrt wird.<br \/>\nAnbieter des Onlineangebotes und die datenschutzrechtlich verantwortliche Stelle ist<br \/>\nCVJM Stadtroda e.V., Vorstandsvorsitzender: Reinhard Gei\u00df, Rolfinckstr. 19, 07745 Jena<br \/>\n(nachfolgend bezeichnet als &#8222;AnbieterIn&#8220;, &#8222;wir&#8220; oder &#8222;uns&#8220;). F\u00fcr die Kontaktm\u00f6glichkeiten verweisen wir auf unser Impressum.<br \/>\nDer Begriff &#8222;Nutzer&#8220; umfasst alle Kunden und Besucher unseres Onlineangebotes. Die verwendeten Begrifflichkeiten, wie z.B. &#8222;Nutzer&#8220; sind geschlechtsneutral zu verstehen.<\/p>\n<p>&nbsp;<\/p>\n<p><strong>Grunds\u00e4tzliche Angaben zur Datenverarbeitung<\/strong><br \/>\nWir verarbeiten personenbezogene Daten der Nutzer nur unter Einhaltung der einschl\u00e4gigen Datenschutzbestimmungen entsprechend den Geboten der Datensparsamkeit- und Datenvermeidung. Das bedeutet die Daten der Nutzer werden nur beim Vorliegen einer gesetzlichen Erlaubnis, insbesondere wenn die Daten zur Erbringung unserer vertraglichen Leistungen sowie Online-Services erforderlich, bzw. gesetzlich vorgeschrieben sind oder beim Vorliegen einer Einwilligung verarbeitet.<br \/>\nWir treffen organisatorische, vertragliche und technische Sicherheitsma\u00dfnahmen entsprechend dem Stand der Technik, um sicher zu stellen, dass die Vorschriften der Datenschutzgesetze eingehalten werden und um damit die durch uns verarbeiteten Daten gegen zuf\u00e4llige oder vors\u00e4tzliche Manipulationen, Verlust, Zerst\u00f6rung oder gegen den Zugriff unberechtigter Personen zu sch\u00fctzen.<br \/>\nSofern im Rahmen dieser Datenschutzerkl\u00e4rung Inhalte, Werkzeuge oder sonstige Mittel von anderen Anbietern (nachfolgend gemeinsam bezeichnet als &#8222;Dritt-Anbieter&#8220;) eingesetzt werden und deren genannter Sitz im Ausland ist, ist davon auszugehen, dass ein Datentransfer in die Sitzstaaten der Dritt-Anbieter stattfindet. Die \u00dcbermittlung von Daten in Drittstaaten erfolgt entweder auf Grundlage einer gesetzlichen Erlaubnis, einer Einwilligung der Nutzer oder spezieller Vertragsklauseln, die eine gesetzlich vorausgesetzte Sicherheit der Daten gew\u00e4hrleisten.<\/p>\n<p><strong>Verarbeitung personenbezogener Daten<\/strong><br \/>\nDie personenbezogenen Daten werden, neben den ausdr\u00fccklich in dieser Datenschutzerkl\u00e4rung genannten Verwendung, f\u00fcr die folgenden Zwecke auf Grundlage gesetzlicher Erlaubnisse oder Einwilligungen der Nutzer verarbeitet:<br \/>\n&#8211; Die Zurverf\u00fcgungstellung, Ausf\u00fchrung, Pflege, Optimierung und Sicherung unserer Dienste, Service- und Nutzerleistungen;<br \/>\n&#8211; Die Gew\u00e4hrleistung eines effektiven Kundendienstes und technischen Supports.<br \/>\nWir \u00fcbermitteln die Daten der Nutzer an Dritte nur, wenn dies f\u00fcr Abrechnungszwecke notwendig ist (z.B. an einen Zahlungsdienstleister) oder f\u00fcr andere Zwecke, wenn diese notwendig sind, um unsere vertraglichen Verpflichtungen gegen\u00fcber den Nutzern zu erf\u00fcllen (z.B. Adressmitteilung an Lieferanten).<br \/>\nBei der Kontaktaufnahme mit uns (per Kontaktformular oder Email) werden die Angaben des Nutzers zwecks Bearbeitung der Anfrage sowie f\u00fcr den Fall, dass Anschlussfragen entstehen, gespeichert.<br \/>\nPersonenbezogene Daten werden gel\u00f6scht, sofern sie ihren Verwendungszweck erf\u00fcllt haben und der L\u00f6schung keine Aufbewahrungspflichten entgegenstehen.<\/p>\n<p><strong>L\u00f6schung von Daten<\/strong><br \/>\nEs erfolgt eine L\u00f6schung oder eingeschr\u00e4nkte Verarbeitung der von uns erhobenen Daten entsprechend Art. 17 und 18 DSGVO. Sobald eine Zweckbestimmung nicht mehr gegeben ist und gesetzliche Aufbewahrungspflichten nicht entgegenstehen, werden bei uns gespeicherte Daten gel\u00f6scht, es sei denn im Rahmen der vorliegenden Datenschutzerkl\u00e4rung ist es ausdr\u00fccklich angegeben. Im Falle der nicht erfolgten L\u00f6schung aufgrund anderer und gesetzlich zul\u00e4ssiger Zwecke, wird die Verarbeitung der Daten durch Sperrung mit Zweckbindung eingeschr\u00e4nkt. Solche Daten sind beispielsweise solche, die aus handels- oder steuerrechtlichen Gr\u00fcnden aufbewahrt werden m\u00fcssen. Gesetzlichen Vorgaben in Deutschland erfordern eine Aufbewahrung insbesondere f\u00fcr 10 Jahre (\u00a7\u00a7 147 Abs. 1 AO, 257 Abs. 1 Nr. 1 und 4, Abs. 4 HGB (B\u00fccher, Aufzeichnungen, Lageberichte, Buchungsbelege, Handelsb\u00fccher, f\u00fcr Besteuerung relevanter Unterlagen, etc.)) und 6 Jahre (\u00a7 257 Abs. 1 Nr. 2 und 3, Abs. 4 HGB).<\/p>\n<p><strong>Administration, Finanzbuchhaltung, B\u00fcroorganisation, Kontaktverwaltung<\/strong><br \/>\nIm Rahmen der Vereinsverwaltung und \u2013organisation, der Finanzbuchhaltung unter Befolgung gesetzlicher Pflichten beispielsweise zur Archivierung verarbeiten wir Daten. Es handelt sich dabei um dieselben Daten, die zur Erbringung unserer vertraglich vereinbarten Leistungen verarbeitet werden, entsprechend Art. 6 Abs. 1 lit. c. DSGVO, Art. 6 Abs. 1 lit. f. DSGVO.<\/p>\n<p>Von der Verarbeitung sind Kunden, Interessenten, Gesch\u00e4ftspartner und Websitebesucher betroffen. Der Zweck und unser Interesse an der Verarbeitung liegt in der Administration, Finanzbuchhaltung, B\u00fcroorganisation, Archivierung von Daten, also Aufgaben die der Aufrechterhaltung unserer Gesch\u00e4ftst\u00e4tigkeiten, Wahrnehmung unserer Aufgaben und Erbringung unserer Leistungen dienen. Die L\u00f6schung der Daten im Hinblick auf vertragliche Leistungen und die vertragliche Kommunikation entspricht den, bei diesen Verarbeitungst\u00e4tigkeiten genannten Angaben.<\/p>\n<p>Wir offenbaren oder \u00fcbermitteln hierbei Daten an die Finanzverwaltung, Berater, wie z.B., Steuerberater oder Wirtschaftspr\u00fcfer sowie weitere Geb\u00fchrenstellen und Zahlungsdienstleister.<\/p>\n<p>Ferner speichern wir auf Grundlage unserer betriebswirtschaftlichen Interessen Angaben zu Lieferanten, Veranstaltern und sonstigen Gesch\u00e4ftspartnern, z.B. zwecks sp\u00e4terer Kontaktaufnahme. Diese mehrheitlich unternehmensbezogenen Daten, speichern wir grunds\u00e4tzlich dauerhaft.<\/p>\n<p><strong>Erbringung unserer satzungs- und gesch\u00e4ftsgem\u00e4\u00dfen Leistungen<\/strong><br \/>\nWir verarbeiten die Daten unserer Mitglieder, Unterst\u00fctzer, Interessenten, Kunden oder sonstiger Personen entsprechend Art. 6 Abs. 1 lit. b. DSGVO, sofern wir ihnen gegen\u00fcber vertragliche Leistungen anbieten oder im Rahmen bestehender gesch\u00e4ftlicher Beziehung, z.B. gegen\u00fcber Mitgliedern, t\u00e4tig werden oder selbst Empf\u00e4nger von Leistungen und Zuwendungen sind. Im \u00dcbrigen verarbeiten wir die Daten betroffener Personen gem. Art. 6 Abs. 1 lit. f. DSGVO auf Grundlage unserer berechtigten Interessen, z.B. wenn es sich um administrative Aufgaben oder \u00d6ffentlichkeitsarbeit handelt.<\/p>\n<p>Die hierbei verarbeiteten Daten, die Art, der Umfang und der Zweck und die Erforderlichkeit ihrer Verarbeitung bestimmen sich nach dem zugrundeliegenden Vertragsverh\u00e4ltnis. Dazu geh\u00f6ren grunds\u00e4tzlich Bestands- und Stammdaten der Personen (z.B., Name, Adresse, etc.), als auch die Kontaktdaten (z.B., E-Mailadresse, Telefon, etc.), die Vertragsdaten (z.B., in Anspruch genommene Leistungen, mitgeteilte Inhalte und Informationen, Namen von Kontaktpersonen) und sofern wir zahlungspflichtige Leistungen oder Produkte anbieten, Zahlungsdaten (z.B., Bankverbindung, Zahlungshistorie, etc.).<\/p>\n<p>Wir l\u00f6schen Daten, die zur Erbringung unserer satzungs- und gesch\u00e4ftsm\u00e4\u00dfigen Zwecke nicht mehr erforderlich sind. Dies bestimmt sich entsprechend der jeweiligen Aufgaben und vertraglichen Beziehungen. Im Fall gesch\u00e4ftlicher Verarbeitung bewahren wir die Daten so lange auf, wie sie zur Gesch\u00e4ftsabwicklung, als auch im Hinblick auf etwaige Gew\u00e4hrleistungs- oder Haftungspflichten relevant sein k\u00f6nnen. Die Erforderlichkeit der Aufbewahrung der Daten wird alle drei Jahre \u00fcberpr\u00fcft; im \u00dcbrigen gelten die gesetzlichen Aufbewahrungspflichten.<\/p>\n<p><strong>Hosting<\/strong><br \/>\nFolgende Leistungen werden uns durch einen Hosting-Dienstleister zur Verf\u00fcgung gestellt: Infrastruktur- und Plattformdienstleistungen, Rechen- und Speicherkapazit\u00e4t, Datenbankdienste, Sicherheits- und Wartungsleistungen, die den Betrieb dieses Onlineangebotes erm\u00f6glichen.<br \/>\nWir bzw. der Hosting-Dienstleister verarbeiten Bestandsdaten, Kontaktdaten, Inhaltsdaten, Vertragsdaten, Nutzungsdaten, Meta- und Kommunikationsdaten von Kunden, Interessenten und Besuchern dieses Onlineangebotes auf Grundlage unserer berechtigten Interessen an einer effizienten und sicheren Zurverf\u00fcgungstellung des Onlineangebotes gem. Art. 6 Abs. 1 lit. f DSGVO i.V.m. Art. 28 DSGVO. Hierf\u00fcr besteht ein Vertrag zur Auftragsverarbeitung mit dem Hosting-Dienstleister STRATO AG.<\/p>\n<p>&nbsp;<\/p>\n<p><strong>Erhebung von Zugriffsdaten<\/strong><br \/>\nWir, bzw. unser Hosting-Dienstleister STRATO AG, erhebt aufgrund unseres berechtigten Interesses entsprechend Art. 6 Abs. 1 lit. f. DSGVO Daten \u00fcber jeden Zugriff auf den Server, auf dem sich dieser Dienst befindet (sogenannte Serverlogfiles). Zu den Zugriffsdaten geh\u00f6ren Name der abgerufenen Webseite, Datei, Datum und Uhrzeit des Abrufs, \u00fcbertragene Datenmenge, Meldung \u00fcber erfolgreichen Abruf, Browsertyp nebst Version, das Betriebssystem des Nutzers, Referrer URL (die zuvor besuchte Seite), IP-Adresse und der anfragende Provider.<br \/>\nWir verwenden die Protokolldaten ohne Zuordnung zur Person des Nutzers oder sonstiger Profilerstellung entsprechend den gesetzlichen Bestimmungen nur f\u00fcr statistische Auswertungen zum Zweck des Betriebs, der Sicherheit und der Optimierung unseres Onlineangebotes. Wir behalten uns jedoch vor, die Protokolldaten nachtr\u00e4glich zu \u00fcberpr\u00fcfen, wenn aufgrund konkreter Anhaltspunkte der berechtigte Verdacht einer rechtswidrigen Nutzung besteht.<\/p>\n<p>&nbsp;<\/p>\n<p><strong>6. Cookies &amp; Reichweitenmessung<\/strong><br \/>\nUnsere Webseite verwendet Cookies. Bei Cookies handelt es sich um Textdateien, die im Internetbrowser bzw. vom Internetbrowser auf dem Computersystem des Nutzers gespeichert werden. Ruft ein Nutzer eine Website auf, so kann ein Cookie auf dem Betriebssystem des Nutzers gespeichert werden. Dieser Cookie enth\u00e4lt eine charakteristische Zeichenfolge, die eine eindeutige Identifizierung des Browsers beim erneuten Aufrufen der Website erm\u00f6glicht.<br \/>\nWir setzen Cookies ein, um unsere Website nutzerfreundlicher zu gestalten. Einige Elemente unserer Internetseite erfordern es, dass der aufrufende Browser auch nach einem Seitenwechsel identifiziert werden kann.<br \/>\nBeim Aufruf unserer Website wird der Nutzer \u00fcber die Verwendung von Cookies zu Analysezwecken informiert und seine Einwilligung zur Verarbeitung der in diesem Zusammenhang verwendeten personenbezogenen Daten eingeholt. In diesem Zusammenhang erfolgt auch ein Hinweis auf diese Datenschutzerkl\u00e4rung.<br \/>\nDie Rechtsgrundlage f\u00fcr die Verarbeitung personenbezogener Daten unter Verwendung technisch notweniger Cookies ist Art. 6 Abs. 1 lit. f DSGVO. Die Rechtsgrundlage f\u00fcr die Verarbeitung personenbezogener Daten unter Verwendung von Cookies zu Analysezwecken ist bei Vorliegen einer diesbez\u00fcglichen Einwilligung des Nutzers Art. 6 Abs. 1 lit. a DSGVO.<br \/>\nDer Zweck der Verwendung technisch notwendiger Cookies ist, die Nutzung von Websites f\u00fcr die Nutzer zu vereinfachen. Einige Funktionen unserer Internetseite k\u00f6nnen ohne den Einsatz von Cookies nicht angeboten werden. F\u00fcr diese ist es erforderlich, dass der Browser auch nach einem Seitenwechsel wiedererkannt wird. Die durch technisch notwendige Cookies erhobenen Nutzerdaten werden nicht zur Erstellung von Nutzerprofilen verwendet.<br \/>\nDie Verwendung der Analyse-Cookies erfolgt zu dem Zweck, die Qualit\u00e4t unserer Website und ihre Inhalte zu verbessern. Durch die Analyse-Cookies erfahren wir, wie die Website genutzt wird und k\u00f6nnen so unser Angebot stetig optimieren.<br \/>\nIn diesen Zwecken liegt auch unser berechtigtes Interesse in der Verarbeitung der personenbezogenen Daten nach Art. 6 Abs. 1 lit. f DSGVO.<br \/>\nCookies werden auf dem Rechner des Nutzers gespeichert und von diesem an unserer Seite \u00fcbermittelt. Daher haben Sie als Nutzer auch die volle Kontrolle \u00fcber die Verwendung von Cookies. Durch eine \u00c4nderung der Einstellungen in Ihrem Internetbrowser k\u00f6nnen Sie die \u00dcbertragung von Cookies deaktivieren oder einschr\u00e4nken. Bereits gespeicherte Cookies k\u00f6nnen jederzeit gel\u00f6scht werden. Dies kann auch automatisiert erfolgen. Werden Cookies f\u00fcr unsere Website deaktiviert, k\u00f6nnen m\u00f6glicherweise nicht mehr alle Funktionen der Website vollumf\u00e4nglich genutzt werden.<br \/>\nEs besteht die M\u00f6glichkeit, viele Online-Anzeigen-Cookies von Unternehmen \u00fcber die US-amerikanische Seite http:\/\/www.aboutads.info\/choices oder die EU-Seite http:\/\/www.youronlinechoices.com\/uk\/your-ad-choices\/ zu verwalten.<\/p>\n<p>&nbsp;<\/p>\n<p><strong>7. E-Mail-Kontakt<\/strong><br \/>\nEs ist eine Kontaktaufnahme \u00fcber die bereitgestellten E-Mail-Adressen m\u00f6glich. In diesem Fall werden die mit der E-Mail \u00fcbermittelten personenbezogenen Daten des Nutzers gespeichert.<br \/>\nEs erfolgt in diesem Zusammenhang keine Weitergabe der Daten an Dritte. Die Daten werden ausschlie\u00dflich f\u00fcr die Verarbeitung der Konversation verwendet.<br \/>\nRechtsgrundlage f\u00fcr die Verarbeitung der Daten, die im Zuge einer \u00dcbersendung einer E-Mail \u00fcbermittelt werden, ist Art. 6 Abs. 1 lit. f DSGVO. Zielt der E-Mail-Kontakt auf den Abschluss eines Vertrages ab, so ist zus\u00e4tzliche Rechtsgrundlage f\u00fcr die Verarbeitung Art. 6 Abs. 1 lit. b DSGVO.<br \/>\nDie Verarbeitung der personenbezogenen Daten dient uns Im Falle einer Kontaktaufnahme per E-Mail allein zur Bearbeitung der Kontaktaufnahme.<br \/>\nDie Daten werden gel\u00f6scht, sobald sie f\u00fcr die Erreichung des Zweckes ihrer Erhebung nicht mehr erforderlich sind. F\u00fcr die personenbezogenen Daten, die per E-Mail \u00fcbersandt wurden, ist dies dann der Fall, wenn die jeweilige Konversation mit dem Nutzer beendet ist. Beendet ist die Konversation dann, wenn sich aus den Umst\u00e4nden entnehmen l\u00e4sst, dass der betroffene Sachverhalt abschlie\u00dfend gekl\u00e4rt ist. Die w\u00e4hrend des Absendevorgangs serverseitig zus\u00e4tzlich erhobenen personenbezogenen Daten werden sp\u00e4testens nach einer Frist von sieben Tagen gel\u00f6scht.<br \/>\nDer Nutzer hat jederzeit die M\u00f6glichkeit, seine Einwilligung zur Verarbeitung der personenbezogenen Daten zu widerrufen. Nimmt der Nutzer per E-Mail Kontakt mit uns auf, so kann er der Speicherung seiner personenbezogenen Daten jederzeit widersprechen. In einem solchen Fall kann die Konversation nicht fortgef\u00fchrt werden. Der Widerspruch erfolgt schriftlich per Email oder auf dem Postweg. Alle personenbezogenen Daten, die im Zuge der Kontaktaufnahme gespeichert wurden, werden in diesem Fall gel\u00f6scht.<\/p>\n<p>&nbsp;<\/p>\n<p><strong>8. Einbindung von Diensten und Inhalten Dritter<\/strong><br \/>\nEs kann vorkommen, dass innerhalb unseres Onlineangebotes Inhalte oder Dienste von Dritt-Anbietern, wie zum Beispiel Stadtpl\u00e4ne oder Schriftarten von anderen Webseiten eingebunden werden. Die Einbindung von Inhalten der Dritt-Anbieter setzt immer voraus, dass die Dritt-Anbieter die IP-Adresse der Nutzer wahrnehmen, da sie ohne die IP-Adresse die Inhalte nicht an den Browser der Nutzer senden k\u00f6nnten. Die IP-Adresse ist damit f\u00fcr die Darstellung dieser Inhalte erforderlich. Des Weiteren k\u00f6nnen die Anbieter der Dritt-Inhalte eigene Cookies setzen und die Daten der Nutzer f\u00fcr eigene Zwecke verarbeiten. Dabei k\u00f6nnen aus den verarbeiteten Daten Nutzungsprofile der Nutzer erstellt werden. Wir werden diese Inhalte m\u00f6glichst datensparsam und datenvermeidend einsetzen sowie im Hinblick auf die Datensicherheit zuverl\u00e4ssige Dritt-Anbieter w\u00e4hlen.<br \/>\nDie nachfolgende Darstellung bietet eine \u00dcbersicht von Dritt-Anbietern sowie ihrer Inhalte, nebst Links zu deren Datenschutzerkl\u00e4rungen, welche weitere Hinweise zur Verarbeitung von Daten und, z.T. bereits hier genannt, Widerspruchsm\u00f6glichkeiten (sog. Opt-Out) enthalten:<\/p>\n<p>&#8211; Externe Schriftarten von Google, Inc., https:\/\/www.google.com\/fonts (&#8222;Google Fonts&#8220;). Die Einbindung der Google Fonts erfolgt durch einen Serveraufruf bei Google (in der Regel in den USA). Datenschutzerkl\u00e4rung: https:\/\/www.google.com\/policies\/privacy\/, Opt-Out: https:\/\/www.google.com\/settings\/ads\/.<\/p>\n<p>&#8211; Landkarten des Dienstes &#8222;Google Maps&#8220; des Dritt-Anbieters Google Inc., 1600 Amphitheatre Parkway, Mountain View, CA 94043, USA. Datenschutzerkl\u00e4rung: https:\/\/www.google.com\/policies\/privacy\/, Opt-Out: https:\/\/www.google.com\/settings\/ads\/.<\/p>\n<p>&#8211; Kalenderdaten des Dienstes &#8222;Google Kalender&#8220; des Dritt-Anbieters Google Inc., 1600 Amphitheatre Parkway, Mountain View, CA 94043, USA. Wir nutzen diesen Dienst zur Darstellung anonymisierter Belegungsdaten unserer Immobilie. Datenschutzerkl\u00e4rung: https:\/\/www.google.com\/policies\/privacy\/, Opt-Out: https:\/\/www.google.com\/settings\/ads\/.<\/p>\n<p>&#8211; Videos der Plattform &#8222;YouTube&#8220; des Dritt-Anbieters Google Inc., 1600 Amphitheatre Parkway, Mountain View, CA 94043, USA. Datenschutzerkl\u00e4rung: https:\/\/www.google.com\/policies\/privacy\/, Opt-Out: https:\/\/www.google.com\/settings\/ads\/.<\/p>\n<p>&nbsp;<\/p>\n<p><strong>9. Rechte der betroffenen Person<\/strong><br \/>\nWerden personenbezogene Daten von Ihnen verarbeitet, sind Sie Betroffener i.S.d. DSGVO und es stehen Ihnen folgende Rechte gegen\u00fcber dem Verantwortlichen zu:<\/p>\n<p><em>1. Auskunftsrecht<\/em><br \/>\nSie k\u00f6nnen von dem Verantwortlichen eine Best\u00e4tigung dar\u00fcber verlangen, ob personenbezogene Daten, die Sie betreffen, von uns verarbeitet werden.<br \/>\nLiegt eine solche Verarbeitung vor, k\u00f6nnen Sie von dem Verantwortlichen \u00fcber folgende Informationen Auskunft verlangen:<br \/>\n(1) die Zwecke, zu denen die personenbezogenen Daten verarbeitet werden;<br \/>\n(2) die Kategorien von personenbezogenen Daten, welche verarbeitet werden;<br \/>\n(3) die Empf\u00e4nger bzw. die Kategorien von Empf\u00e4ngern, gegen\u00fcber denen die Sie betreffenden personenbezogenen Daten offengelegt wurden oder noch offengelegt werden;<br \/>\n(4) die geplante Dauer der Speicherung der Sie betreffenden personenbezogenen Daten oder, falls konkrete Angaben hierzu nicht m\u00f6glich sind, Kriterien f\u00fcr die Festlegung der Speicherdauer;<br \/>\n(5) das Bestehen eines Rechts auf Berichtigung oder L\u00f6schung der Sie betreffenden personenbezogenen Daten, eines Rechts auf Einschr\u00e4nkung der Verarbeitung durch den Verantwortlichen oder eines Widerspruchsrechts gegen diese Verarbeitung;<br \/>\n(6) das Bestehen eines Beschwerderechts bei einer Aufsichtsbeh\u00f6rde;<br \/>\n(7) alle verf\u00fcgbaren Informationen \u00fcber die Herkunft der Daten, wenn die personenbezogenen Daten nicht bei der betroffenen Person erhoben werden;<br \/>\n(8) das Bestehen einer automatisierten Entscheidungsfindung einschlie\u00dflich Profiling gem\u00e4\u00df Art. 22 Abs. 1 und 4 DSGVO und \u2013 zumindest in diesen F\u00e4llen \u2013 aussagekr\u00e4ftige Informationen \u00fcber die involvierte Logik sowie die Tragweite und die angestrebten Auswirkungen einer derartigen Verarbeitung f\u00fcr die betroffene Person.<br \/>\nIhnen steht das Recht zu, Auskunft dar\u00fcber zu verlangen, ob die Sie betreffenden personenbezogenen Daten in ein Drittland oder an eine internationale Organisation \u00fcbermittelt werden. In diesem Zusammenhang k\u00f6nnen Sie verlangen, \u00fcber die geeigneten Garantien gem. Art. 46 DSGVO im Zusammenhang mit der \u00dcbermittlung unterrichtet zu werden.<\/p>\n<p><em>2. Recht auf Berichtigung<\/em><br \/>\nSie haben ein Recht auf Berichtigung und\/oder Vervollst\u00e4ndigung gegen\u00fcber dem Verantwortlichen, sofern die verarbeiteten personenbezogenen Daten, die Sie betreffen, unrichtig oder unvollst\u00e4ndig sind. Der Verantwortliche hat die Berichtigung unverz\u00fcglich vorzunehmen.<\/p>\n<p><em>3. Recht auf Einschr\u00e4nkung der Verarbeitung<\/em><br \/>\nUnter den folgenden Voraussetzungen k\u00f6nnen Sie die Einschr\u00e4nkung der Verarbeitung der Sie betreffenden personenbezogenen Daten verlangen:<br \/>\n(1) wenn Sie die Richtigkeit der Sie betreffenden personenbezogenen f\u00fcr eine Dauer bestreiten, die es dem Verantwortlichen erm\u00f6glicht, die Richtigkeit der personenbezogenen Daten zu \u00fcberpr\u00fcfen;<br \/>\n(2) die Verarbeitung unrechtm\u00e4\u00dfig ist und Sie die L\u00f6schung der personenbezogenen Daten ablehnen und stattdessen die Einschr\u00e4nkung der Nutzung der personenbezogenen Daten verlangen;<br \/>\n(3) der Verantwortliche die personenbezogenen Daten f\u00fcr die Zwecke der Verarbeitung nicht l\u00e4nger ben\u00f6tigt, Sie diese jedoch zur Geltendmachung, Aus\u00fcbung oder Verteidigung von Rechtsanspr\u00fcchen ben\u00f6tigen, oder<br \/>\n(4) wenn Sie Widerspruch gegen die Verarbeitung gem\u00e4\u00df Art. 21 Abs. 1 DSGVO eingelegt haben und noch nicht feststeht, ob die berechtigten Gr\u00fcnde des Verantwortlichen gegen\u00fcber Ihren Gr\u00fcnden \u00fcberwiegen.<br \/>\nWurde die Verarbeitung der Sie betreffenden personenbezogenen Daten eingeschr\u00e4nkt, d\u00fcrfen diese Daten \u2013 von ihrer Speicherung abgesehen \u2013 nur mit Ihrer Einwilligung oder zur Geltendmachung, Aus\u00fcbung oder Verteidigung von Rechtsanspr\u00fcchen oder zum Schutz der Rechte einer anderen nat\u00fcrlichen oder juristischen Person oder aus Gr\u00fcnden eines wichtigen \u00f6ffentlichen Interesses der Union oder eines Mitgliedstaats verarbeitet werden.<br \/>\nWurde die Einschr\u00e4nkung der Verarbeitung nach den o.g. Voraussetzungen eingeschr\u00e4nkt, werden Sie von dem Verantwortlichen unterrichtet bevor die Einschr\u00e4nkung aufgehoben wird.<\/p>\n<p><em>4. Recht auf L\u00f6schung<\/em><br \/>\na) L\u00f6schungspflicht<br \/>\nSie k\u00f6nnen von dem Verantwortlichen verlangen, dass die Sie betreffenden personenbezogenen Daten unverz\u00fcglich gel\u00f6scht werden, und der Verantwortliche ist verpflichtet, diese Daten unverz\u00fcglich zu l\u00f6schen, sofern einer der folgenden Gr\u00fcnde zutrifft:<br \/>\n(1) Die Sie betreffenden personenbezogenen Daten sind f\u00fcr die Zwecke, f\u00fcr die sie erhoben oder auf sonstige Weise verarbeitet wurden, nicht mehr notwendig.<br \/>\n(2) Sie widerrufen Ihre Einwilligung, auf die sich die Verarbeitung gem. Art. 6 Abs. 1 lit. a oder Art. 9 Abs. 2 lit. a DSGVO st\u00fctzte, und es fehlt an einer anderweitigen Rechtsgrundlage f\u00fcr die Verarbeitung.<br \/>\n(3) Sie legen gem. Art. 21 Abs. 1 DSGVO Widerspruch gegen die Verarbeitung ein und es liegen keine vorrangigen berechtigten Gr\u00fcnde f\u00fcr die Verarbeitung vor, oder Sie legen gem. Art. 21 Abs. 2 DSGVO Widerspruch gegen die Verarbeitung ein.<br \/>\n(4) Die Sie betreffenden personenbezogenen Daten wurden unrechtm\u00e4\u00dfig verarbeitet.<br \/>\n(5) Die L\u00f6schung der Sie betreffenden personenbezogenen Daten ist zur Erf\u00fcllung einer rechtlichen Verpflichtung nach dem Unionsrecht oder dem Recht der Mitgliedstaaten erforderlich, dem der Verantwortliche unterliegt.<br \/>\n(6) Die Sie betreffenden personenbezogenen Daten wurden in Bezug auf angebotene Dienste der Informationsgesellschaft gem\u00e4\u00df Art. 8 Abs. 1 DSGVO erhoben.<\/p>\n<p>b) Information an Dritte<br \/>\nHat der Verantwortliche die Sie betreffenden personenbezogenen Daten \u00f6ffentlich gemacht und ist er gem. Art. 17 Abs. 1 DSGVO zu deren L\u00f6schung verpflichtet, so trifft er unter Ber\u00fccksichtigung der verf\u00fcgbaren Technologie und der Implementierungskosten angemessene Ma\u00dfnahmen, auch technischer Art, um f\u00fcr die Datenverarbeitung Verantwortliche, die die personenbezogenen Daten verarbeiten, dar\u00fcber zu informieren, dass Sie als betroffene Person von ihnen die L\u00f6schung aller Links zu diesen personenbezogenen Daten oder von Kopien oder Replikationen dieser personenbezogenen Daten verlangt haben.<\/p>\n<p>c) Ausnahmen<br \/>\nDas Recht auf L\u00f6schung besteht nicht, soweit die Verarbeitung erforderlich ist<br \/>\n(1) zur Aus\u00fcbung des Rechts auf freie Meinungs\u00e4u\u00dferung und Information;<br \/>\n(2) zur Erf\u00fcllung einer rechtlichen Verpflichtung, die die Verarbeitung nach dem Recht der Union oder der Mitgliedstaaten, dem der Verantwortliche unterliegt, erfordert, oder zur Wahrnehmung einer Aufgabe, die im \u00f6ffentlichen Interesse liegt oder in Aus\u00fcbung \u00f6ffentlicher Gewalt erfolgt, die dem Verantwortlichen \u00fcbertragen wurde;<br \/>\n(3) aus Gr\u00fcnden des \u00f6ffentlichen Interesses im Bereich der \u00f6ffentlichen Gesundheit gem\u00e4\u00df Art. 9 Abs. 2 lit. h und i sowie Art. 9 Abs. 3 DSGVO;<br \/>\n(4) f\u00fcr im \u00f6ffentlichen Interesse liegende Archivzwecke, wissenschaftliche oder historische Forschungszwecke oder f\u00fcr statistische Zwecke gem. Art. 89 Abs. 1 DSGVO, soweit das unter Abschnitt a) genannte Recht voraussichtlich die Verwirklichung der Ziele dieser Verarbeitung unm\u00f6glich macht oder ernsthaft beeintr\u00e4chtigt, oder<br \/>\n(5) zur Geltendmachung, Aus\u00fcbung oder Verteidigung von Rechtsanspr\u00fcchen.<\/p>\n<p><em>5. Recht auf Unterrichtung<\/em><br \/>\nHaben Sie das Recht auf Berichtigung, L\u00f6schung oder Einschr\u00e4nkung der Verarbeitung gegen\u00fcber dem Verantwortlichen geltend gemacht, ist dieser verpflichtet, allen Empf\u00e4ngern, denen die Sie betreffenden personenbezogenen Daten offengelegt wurden, diese Berichtigung oder L\u00f6schung der Daten oder Einschr\u00e4nkung der Verarbeitung mitzuteilen, es sei denn, dies erweist sich als unm\u00f6glich oder ist mit einem unverh\u00e4ltnism\u00e4\u00dfigen Aufwand verbunden.<br \/>\nIhnen steht gegen\u00fcber dem Verantwortlichen das Recht zu, \u00fcber diese Empf\u00e4nger unterrichtet zu werden.<\/p>\n<p><em>6. Recht auf Daten\u00fcbertragbarkeit<\/em><br \/>\nSie haben das Recht, die Sie betreffenden personenbezogenen Daten, die Sie dem Verantwortlichen bereitgestellt haben, in einem strukturierten, g\u00e4ngigen und maschinenlesbaren Format zu erhalten. Au\u00dferdem haben Sie das Recht diese Daten einem anderen Verantwortlichen ohne Behinderung durch den Verantwortlichen, dem die personenbezogenen Daten bereitgestellt wurden, zu \u00fcbermitteln, sofern<br \/>\n(1) die Verarbeitung auf einer Einwilligung gem. Art. 6 Abs. 1 lit. a DSGVO oder Art. 9 Abs. 2 lit. a DSGVO oder auf einem Vertrag gem. Art. 6 Abs. 1 lit. b DSGVO beruht und<br \/>\n(2) die Verarbeitung mithilfe automatisierter Verfahren erfolgt.<br \/>\nIn Aus\u00fcbung dieses Rechts haben Sie ferner das Recht, zu erwirken, dass die Sie betreffenden personenbezogenen Daten direkt von einem Verantwortlichen einem anderen Verantwortlichen \u00fcbermittelt werden, soweit dies technisch machbar ist. Freiheiten und Rechte anderer Personen d\u00fcrfen hierdurch nicht beeintr\u00e4chtigt werden.<br \/>\nDas Recht auf Daten\u00fcbertragbarkeit gilt nicht f\u00fcr eine Verarbeitung personenbezogener Daten, die f\u00fcr die Wahrnehmung einer Aufgabe erforderlich ist, die im \u00f6ffentlichen Interesse liegt oder in Aus\u00fcbung \u00f6ffentlicher Gewalt erfolgt, die dem Verantwortlichen \u00fcbertragen wurde.<\/p>\n<p><em>7. Widerspruchsrecht<\/em><br \/>\nSie haben das Recht, aus Gr\u00fcnden, die sich aus ihrer besonderen Situation ergeben, jederzeit gegen die Verarbeitung der Sie betreffenden personenbezogenen Daten, die aufgrund von Art. 6 Abs. 1 lit. e oder f DSGVO erfolgt, Widerspruch einzulegen; dies gilt auch f\u00fcr ein auf diese Bestimmungen gest\u00fctztes Profiling.<br \/>\nDer Verantwortliche verarbeitet die Sie betreffenden personenbezogenen Daten nicht mehr, es sei denn, er kann zwingende schutzw\u00fcrdige Gr\u00fcnde f\u00fcr die Verarbeitung nachweisen, die Ihre Interessen, Rechte und Freiheiten \u00fcberwiegen, oder die Verarbeitung dient der Geltendmachung, Aus\u00fcbung oder Verteidigung von Rechtsanspr\u00fcchen.<br \/>\nWerden die Sie betreffenden personenbezogenen Daten verarbeitet, um Direktwerbung zu betreiben, haben Sie das Recht, jederzeit Widerspruch gegen die Verarbeitung der Sie betreffenden personenbezogenen Daten zum Zwecke derartiger Werbung einzulegen; dies gilt auch f\u00fcr das Profiling, soweit es mit solcher Direktwerbung in Verbindung steht.<br \/>\nWidersprechen Sie der Verarbeitung f\u00fcr Zwecke der Direktwerbung, so werden die Sie betreffenden personenbezogenen Daten nicht mehr f\u00fcr diese Zwecke verarbeitet.<br \/>\nSie haben die M\u00f6glichkeit, im Zusammenhang mit der Nutzung von Diensten der Informationsgesellschaft \u2013 ungeachtet der Richtlinie 2002\/58\/EG \u2013 Ihr Widerspruchsrecht mittels automatisierter Verfahren auszu\u00fcben, bei denen technische Spezifikationen verwendet werden.<\/p>\n<p><em>8. Recht auf Widerruf der datenschutzrechtlichen Einwilligungserkl\u00e4rung<\/em><br \/>\nSie haben das Recht, Ihre datenschutzrechtliche Einwilligungserkl\u00e4rung jederzeit zu widerrufen. Durch den Widerruf der Einwilligung wird die Rechtm\u00e4\u00dfigkeit der aufgrund der Einwilligung bis zum Widerruf erfolgten Verarbeitung nicht ber\u00fchrt.<\/p>\n<p><em>9. Automatisierte Entscheidung im Einzelfall einschlie\u00dflich Profiling<\/em><br \/>\nSie haben das Recht, nicht einer ausschlie\u00dflich auf einer automatisierten Verarbeitung \u2013 einschlie\u00dflich Profiling \u2013 beruhenden Entscheidung unterworfen zu werden, die Ihnen gegen\u00fcber rechtliche Wirkung entfaltet oder Sie in \u00e4hnlicher Weise erheblich beeintr\u00e4chtigt. Dies gilt nicht, wenn die Entscheidung<br \/>\n(1) f\u00fcr den Abschluss oder die Erf\u00fcllung eines Vertrags zwischen Ihnen und dem Verantwortlichen erforderlich ist,<br \/>\n(2) aufgrund von Rechtsvorschriften der Union oder der Mitgliedstaaten, denen der Verantwortliche unterliegt, zul\u00e4ssig ist und diese Rechtsvorschriften angemessene Ma\u00dfnahmen zur Wahrung Ihrer Rechte und Freiheiten sowie Ihrer berechtigten Interessen enthalten oder<br \/>\n(3) mit Ihrer ausdr\u00fccklichen Einwilligung erfolgt.<br \/>\nAllerdings d\u00fcrfen diese Entscheidungen nicht auf besonderen Kategorien personenbezogener Daten nach Art. 9 Abs. 1 DSGVO beruhen, sofern nicht Art. 9 Abs. 2 lit. a oder g DSGVO gilt und angemessene Ma\u00dfnahmen zum Schutz der Rechte und Freiheiten sowie Ihrer berechtigten Interessen getroffen wurden.<br \/>\nHinsichtlich der in (1) und (3) genannten F\u00e4lle trifft der Verantwortliche angemessene Ma\u00dfnahmen, um die Rechte und Freiheiten sowie Ihre berechtigten Interessen zu wahren, wozu mindestens das Recht auf Erwirkung des Eingreifens einer Person seitens des Verantwortlichen, auf Darlegung des eigenen Standpunkts und auf Anfechtung der Entscheidung geh\u00f6rt.<\/p>\n<p><em>10. Recht auf Beschwerde bei einer Aufsichtsbeh\u00f6rde<\/em><br \/>\nUnbeschadet eines anderweitigen verwaltungsrechtlichen oder gerichtlichen Rechtsbehelfs steht Ihnen das Recht auf Beschwerde bei einer Aufsichtsbeh\u00f6rde, insbesondere in dem Mitgliedstaat ihres Aufenthaltsorts, ihres Arbeitsplatzes oder des Orts des mutma\u00dflichen Versto\u00dfes, zu, wenn Sie der Ansicht sind, dass die Verarbeitung der Sie betreffenden personenbezogenen Daten gegen die DSGVO verst\u00f6\u00dft.<br \/>\nDie Aufsichtsbeh\u00f6rde, bei der die Beschwerde eingereicht wurde, unterrichtet den Beschwerdef\u00fchrer \u00fcber den Stand und die Ergebnisse der Beschwerde einschlie\u00dflich der M\u00f6glichkeit eines gerichtlichen Rechtsbehelfs nach Art. 78 DSGVO.<\/p>\n<p>&nbsp;<\/p>\n<p><strong>10. \u00c4nderungen der Datenschutzerkl\u00e4rung<\/strong><br \/>\nWir behalten uns vor, die Datenschutzerkl\u00e4rung zu \u00e4ndern, um sie an ge\u00e4nderte Rechtslagen, oder bei \u00c4nderungen des Dienstes sowie der Datenverarbeitung anzupassen. Dies gilt jedoch nur im Hinblick auf Erkl\u00e4rungen zur Datenverarbeitung. Sofern Einwilligungen der Nutzer erforderlich sind oder Bestandteile der Datenschutzerkl\u00e4rung Regelungen des Vertragsverh\u00e4ltnisses mit den Nutzern enthalten, erfolgen die \u00c4nderungen nur mit Zustimmung der Nutzer.<br \/>\nDie Nutzer werden gebeten sich regelm\u00e4\u00dfig \u00fcber den Inhalt der Datenschutzerkl\u00e4rung zu informieren.<\/p>\n<p>&nbsp;<\/p>\n<p>Stand: 23.05.2018<\/p>\n<p>&nbsp;<\/p>\n<p>&nbsp;<\/p>\n<p>Teilweise erstellt mit <a class=\"dsg1-5\" href=\"https:\/\/datenschutz-generator.de\/\" target=\"_blank\" rel=\"nofollow noopener noreferrer\"> Datenschutz-Generator.de <\/a>von RA Dr. Thomas Schwenke.<\/p>\n","protected":false},"excerpt":{"rendered":"<p>Inhaltsverzeichnis Zielsetzung und verantwortliche Stelle Grunds\u00e4tzliche Angaben zur Datenverarbeitung Verarbeitung personenbezogener Daten L\u00f6schung von Daten Administration, Finanzbuchhaltung, B\u00fcroorganisation, Kontaktverwaltung Erbringung unserer satzungs- und gesch\u00e4ftsgem\u00e4\u00dfen Leistungen Hosting Erhebung von Zugriffsdaten Cookies [&hellip;]<\/p>\n","protected":false},"author":1,"featured_media":0,"parent":0,"menu_order":0,"comment_status":"closed","ping_status":"closed","template":"","meta":{"site-sidebar-layout":"default","site-content-layout":"","ast-site-content-layout":"","site-content-style":"default","site-sidebar-style":"default","ast-global-header-display":"","ast-banner-title-visibility":"","ast-main-header-display":"","ast-hfb-above-header-display":"","ast-hfb-below-header-display":"","ast-hfb-mobile-header-display":"","site-post-title":"","ast-breadcrumbs-content":"","ast-featured-img":"","footer-sml-layout":"","theme-transparent-header-meta":"","adv-header-id-meta":"","stick-header-meta":"","header-above-stick-meta":"","header-main-stick-meta":"","header-below-stick-meta":"","astra-migrate-meta-layouts":"default","ast-page-background-enabled":"default","ast-page-background-meta":{"desktop":{"background-color":"","background-image":"","background-repeat":"repeat","background-position":"center center","background-size":"auto","background-attachment":"scroll","background-type":"","background-media":"","overlay-type":"","overlay-color":"","overlay-gradient":""},"tablet":{"background-color":"","background-image":"","background-repeat":"repeat","background-position":"center center","background-size":"auto","background-attachment":"scroll","background-type":"","background-media":"","overlay-type":"","overlay-color":"","overlay-gradient":""},"mobile":{"background-color":"","background-image":"","background-repeat":"repeat","background-position":"center center","background-size":"auto","background-attachment":"scroll","background-type":"","background-media":"","overlay-type":"","overlay-color":"","overlay-gradient":""}},"ast-content-background-meta":{"desktop":{"background-color":"var(--ast-global-color-5)","background-image":"","background-repeat":"repeat","background-position":"center center","background-size":"auto","background-attachment":"scroll","background-type":"","background-media":"","overlay-type":"","overlay-color":"","overlay-gradient":""},"tablet":{"background-color":"var(--ast-global-color-5)","background-image":"","background-repeat":"repeat","background-position":"center center","background-size":"auto","background-attachment":"scroll","background-type":"","background-media":"","overlay-type":"","overlay-color":"","overlay-gradient":""},"mobile":{"background-color":"var(--ast-global-color-5)","background-image":"","background-repeat":"repeat","background-position":"center center","background-size":"auto","background-attachment":"scroll","background-type":"","background-media":"","overlay-type":"","overlay-color":"","overlay-gradient":""}},"footnotes":""},"class_list":["post-100","page","type-page","status-publish","hentry"],"_links":{"self":[{"href":"https:\/\/cvjm-stadtroda.de\/index.php?rest_route=\/wp\/v2\/pages\/100","targetHints":{"allow":["GET"]}}],"collection":[{"href":"https:\/\/cvjm-stadtroda.de\/index.php?rest_route=\/wp\/v2\/pages"}],"about":[{"href":"https:\/\/cvjm-stadtroda.de\/index.php?rest_route=\/wp\/v2\/types\/page"}],"author":[{"embeddable":true,"href":"https:\/\/cvjm-stadtroda.de\/index.php?rest_route=\/wp\/v2\/users\/1"}],"replies":[{"embeddable":true,"href":"https:\/\/cvjm-stadtroda.de\/index.php?rest_route=%2Fwp%2Fv2%2Fcomments&post=100"}],"version-history":[{"count":6,"href":"https:\/\/cvjm-stadtroda.de\/index.php?rest_route=\/wp\/v2\/pages\/100\/revisions"}],"predecessor-version":[{"id":212,"href":"https:\/\/cvjm-stadtroda.de\/index.php?rest_route=\/wp\/v2\/pages\/100\/revisions\/212"}],"wp:attachment":[{"href":"https:\/\/cvjm-stadtroda.de\/index.php?rest_route=%2Fwp%2Fv2%2Fmedia&parent=100"}],"curies":[{"name":"wp","href":"https:\/\/api.w.org\/{rel}","templated":true}]}}